{"id":450,"date":"2011-03-24T11:32:13","date_gmt":"2011-03-24T11:32:13","guid":{"rendered":"http:\/\/www.chpuye.com\/?page_id=450"},"modified":"2011-03-24T11:32:13","modified_gmt":"2011-03-24T11:32:13","slug":"men-dakka-dukka-yilmaz-ozdil","status":"publish","type":"page","link":"https:\/\/www.chpuye.com\/?page_id=450","title":{"rendered":"Y\u0131lmaz \u00d6ZD\u0130L  Baz\u0131 yaz\u0131lar\u0131"},"content":{"rendered":"<p><strong>&#8220;Yaz\u0131y\u0131 ba\u011fl\u0131yordum ki\u2026<\/strong><br \/>\nKaddafi muhaliflerinin Bingazi Konsoloslu\u011fumuzu bas\u0131p, ta\u015flayarak, bayra\u011f\u0131m\u0131z\u0131 indirdikleri haberi geldi. \u0130ki tarafa da faydam\u0131z olmad\u0131\u011f\u0131 gibi, iki tarafa da yaranamad\u0131k yani.<br \/>\n<strong>G\u00f6z\u00fcn\u00fcz\u00fcn ya\u011f\u0131n\u0131 yiiyim\u2026<br \/>\n\u015eu d\u0131\u015fi\u015flerine ara verin gari.<br \/>\nBiz kaderimize raz\u0131y\u0131z\u2026<br \/>\nEl alem ma\u011fdur olmas\u0131n bari.&#8221; tamam\u0131&#8230;.<br \/>\n<\/strong><a href=\"http:\/\/www.hurriyet.com.tr\/yazarlar\/17481894.asp?yazarid=249&amp;gid=61\">http:\/\/www.hurriyet.com.tr\/yazarlar\/17481894.asp?yazarid=249&amp;gid=61<\/a>&nbsp;&nbsp; &nbsp;<small>7 Nisan 2011<\/small><\/p>\n<p><span style=\"color: #ff0000;\">Men dakka dukka <\/span><a href=\"http:\/\/www.hurriyet.com.tr\/index\/y\u0131lmaz_\u00f6zdil\" target=\"_blank\" rel=\"noopener noreferrer\">Y\u0131lmaz \u00d6ZD\u0130L<\/a><br \/>\n<strong>A\u00e7\u0131l\u0131m sa\u00e7mal\u0131\u011f\u0131 ilk nerede a\u00e7\u0131ld\u0131?<br \/>\nPolis Akademisi\u2019nde.<br \/>\nKime tokat att\u0131lar?<br \/>\nPolise.&nbsp; devami&#8230;.<\/strong><br \/>\n<a href=\"http:\/\/www.hurriyet.com.tr\/yazarlar\/17355331.asp?yazarid=249&amp;gid=61\">http:\/\/www.hurriyet.com.tr\/yazarlar\/17355331.asp?yazarid=249&amp;gid=61<\/a><\/p>\n<p><span style=\"color: #ff0000;\">Mebuslar\u0131m\u0131z\u0131 tan\u0131yal\u0131m<\/span><br \/>\nBa\u015flamadan \u00f6nce&#8230; \u201cSen adam\u0131n kral\u0131s\u0131n, kas\u0131m kas\u0131m Kas\u0131mpa\u015fal\u0131s\u0131n\u201d \u015fark\u0131s\u0131yla Grammy\u2019i hak eden d\u00fcmbelek\u00e7i Bal\u0131k Ayhan\u2019\u0131n mebus aday\u0131 yap\u0131lmamas\u0131n\u0131 protesto etmek i\u00e7in, hepinizi sayg\u0131 duru\u015funa ve 10 saniye sessizlik eylemine davet ediyorum&#8230;&#8230;devami<br \/>\n<a href=\"http:\/\/www.hurriyet.com.tr\/yazarlar\/17532238.asp?yazarid=249&amp;gid=61&amp;hid=17534786\">http:\/\/www.hurriyet.com.tr\/yazarlar\/17532238.asp?yazarid=249&amp;gid=61&amp;hid=17534786<\/a><\/p>\n<p><a href=\"http:\/\/www.hurriyet.com.tr\/index\/y\u0131lmaz_\u00f6zdil\" target=\"_blank\" rel=\"noopener noreferrer\">c \u015f\u0131kk\u0131&nbsp; <span style=\"color: #000000;\">Y\u0131lmaz \u00d6ZD\u0130L<\/span><\/a><span style=\"color: #000000;\">&nbsp;<\/span> 6 Nisan 2011<br \/>\n\u0130lk s\u0131nav\u0131 iptal edin.<br \/>\n\u0130kinci s\u0131nav\u0131 \u201cnihai sonu\u00e7\u201d kabul edin<br \/>\n<a href=\"http:\/\/www.hurriyet.com.tr\/yazarlar\/17471437.asp?yazarid=249&amp;gid=61\">http:\/\/www.hurriyet.com.tr\/yazarlar\/17471437.asp?yazarid=249&amp;gid=61<\/a><\/p>\n<p><strong>Nato kafa nato mermer&nbsp; <\/strong><a href=\"http:\/\/www.hurriyet.com.tr\/index\/y\u0131lmaz_\u00f6zdil\" target=\"_blank\" rel=\"noopener noreferrer\">Y\u0131lmaz \u00d6ZD\u0130L<\/a>&nbsp;&nbsp; 30.3.11<br \/>\n<a href=\"http:\/\/www.hurriyet.com.tr\/yazarlar\/17407746.asp?yazarid=249&amp;gid=61\">http:\/\/www.hurriyet.com.tr\/yazarlar\/17407746.asp?yazarid=249&amp;gid=61<\/a><\/p>\n<p><span style=\"color: #ff0000;\">Say\u0131n sap\u0131k<\/span> <a href=\"http:\/\/www.hurriyet.com.tr\/index\/y\u0131lmaz_\u00f6zdil\" target=\"_blank\" rel=\"noopener noreferrer\">Y\u0131lmaz \u00d6ZD\u0130L<\/a>&nbsp;&nbsp; 29.3.11<br \/>\n<strong>Sap\u0131k yakaland\u0131.<br \/>\n<a href=\"http:\/\/www.hurriyet.com.tr\/yazarlar\/17395085.asp?yazarid=249&amp;gid=61\">http:\/\/www.hurriyet.com.tr\/yazarlar\/17395085.asp?yazarid=249&amp;gid=61<\/a><\/strong><\/p>\n<p><strong>Men dakka dukka <\/strong><a href=\"http:\/\/www.hurriyet.com.tr\/index\/y\u0131lmaz_\u00f6zdil\" target=\"_blank\" rel=\"noopener noreferrer\">Y\u0131lmaz \u00d6ZD\u0130L<\/a><br \/>\nA\u00e7\u0131l\u0131m sa\u00e7mal\u0131\u011f\u0131 ilk nerede a\u00e7\u0131ld\u0131?<br \/>\nPolis Akademisi\u2019nde.<br \/>\nKime tokat att\u0131lar?<br \/>\nPolise.&nbsp; devami\u2026.<br \/>\n<a href=\"http:\/\/www.hurriyet.com.tr\/yazarlar\/17355331.asp?yazarid=249&amp;gid=61\">http:\/\/www.hurriyet.com.tr\/yazarlar\/17355331.asp?yazarid=249&amp;gid=61<\/a><strong><br \/>\n<\/strong><span style=\"color: #ff0000;\">Maskeli balo<\/span>&nbsp;&nbsp;&nbsp;&nbsp; <a href=\"http:\/\/www.hurriyet.com.tr\/index\/y\u0131lmaz_\u00f6zdil\" target=\"_blank\" rel=\"noopener noreferrer\">Y\u0131lmaz \u00d6ZD\u0130L<\/a><strong><br \/>\n\u201cVay efendim neymi\u015f, Sarkozy denilen arkada\u015f Kaddafi\u2019ye k\u0131rm\u0131z\u0131 hal\u0131 sermi\u015fmi\u015f de, Elysee Saray\u0131\u2019n\u0131n bah\u00e7esine \u00e7ad\u0131r kurdurup, deve ba\u011flatm\u0131\u015fm\u0131\u015f\u2026 Silvio da, Kaddafi\u2019ye manken k\u0131zlar g\u00f6ndermi\u015f de, onuruna parti verip, elini \u00f6pm\u00fc\u015fm\u00fc\u015f\u2026\u201d devami\u2026<\/strong><br \/>\n<a href=\"http:\/\/www.hurriyet.com.tr\/yazarlar\/17345719.asp?yazarid=249&amp;gid=61\">http:\/\/www.hurriyet.com.tr\/yazarlar\/17345719.asp?yazarid=249&amp;gid=61<\/a><\/p>\n","protected":false},"excerpt":{"rendered":"<p>&#8220;Yaz\u0131y\u0131 ba\u011fl\u0131yordum ki\u2026 Kaddafi muhaliflerinin Bingazi Konsoloslu\u011fumuzu bas\u0131p, ta\u015flayarak, bayra\u011f\u0131m\u0131z\u0131 indirdikleri haberi geldi. \u0130ki tarafa da faydam\u0131z olmad\u0131\u011f\u0131 gibi, iki tarafa da yaranamad\u0131k yani. G\u00f6z\u00fcn\u00fcz\u00fcn ya\u011f\u0131n\u0131 yiiyim\u2026 \u015eu d\u0131\u015fi\u015flerine ara verin gari. Biz kaderimize raz\u0131y\u0131z\u2026 El alem ma\u011fdur olmas\u0131n bari.&#8221; &hellip; <a href=\"https:\/\/www.chpuye.com\/?page_id=450\">Okumaya devam et <span class=\"meta-nav\">&rarr;<\/span><\/a><\/p>\n","protected":false},"author":1,"featured_media":0,"parent":106,"menu_order":0,"comment_status":"closed","ping_status":"open","template":"","meta":[],"_links":{"self":[{"href":"https:\/\/www.chpuye.com\/index.php?rest_route=\/wp\/v2\/pages\/450"}],"collection":[{"href":"https:\/\/www.chpuye.com\/index.php?rest_route=\/wp\/v2\/pages"}],"about":[{"href":"https:\/\/www.chpuye.com\/index.php?rest_route=\/wp\/v2\/types\/page"}],"author":[{"embeddable":true,"href":"https:\/\/www.chpuye.com\/index.php?rest_route=\/wp\/v2\/users\/1"}],"replies":[{"embeddable":true,"href":"https:\/\/www.chpuye.com\/index.php?rest_route=%2Fwp%2Fv2%2Fcomments&post=450"}],"version-history":[{"count":0,"href":"https:\/\/www.chpuye.com\/index.php?rest_route=\/wp\/v2\/pages\/450\/revisions"}],"up":[{"embeddable":true,"href":"https:\/\/www.chpuye.com\/index.php?rest_route=\/wp\/v2\/pages\/106"}],"wp:attachment":[{"href":"https:\/\/www.chpuye.com\/index.php?rest_route=%2Fwp%2Fv2%2Fmedia&parent=450"}],"curies":[{"name":"wp","href":"https:\/\/api.w.org\/{rel}","templated":true}]}}