{"id":393,"date":"2011-03-21T06:39:59","date_gmt":"2011-03-21T06:39:59","guid":{"rendered":"http:\/\/www.chpuye.com\/?page_id=393"},"modified":"2011-03-21T06:39:59","modified_gmt":"2011-03-21T06:39:59","slug":"ankara-adana-millet-vekilleri","status":"publish","type":"page","link":"https:\/\/www.chpuye.com\/?page_id=393","title":{"rendered":"Ankara Adana Millet vekilleri"},"content":{"rendered":"<p><span style=\"color: #ff0000;\">Ankara Millet vekillerinin\u00a0 Karnesi<\/span><strong><span style=\"color: #ff0000;\">\u00a0\u00a0\u00a0<\/span>\u00a0\u00a0\u00a0\u00a0\u00a0\u00a0\u00a0\u00a0\u00a0\u00a0\u00a0\u00a0\u00a0\u00a0\u00a0\u00a0\u00a0\u00a0\u00a0\u00a0\u00a0\u00a0\u00a0\u00a0\u00a0\u00a0\u00a0\u00a0\u00a0\u00a0\u00a0 \u00a0 <span style=\"color: #ff00ff;\">A\u00a0\u00a0\u00a0\u00a0\u00a0<\/span>\u00a0\u00a0 <span style=\"color: #ff00ff;\">B\u00a0\u00a0\u00a0\u00a0\u00a0\u00a0\u00a0\u00a0\u00a0\u00a0 C\u00a0\u00a0\u00a0\u00a0\u00a0\u00a0\u00a0 D<\/span><\/strong><\/p>\n<ol>\n<li>ZEKER\u0130YA AKINCI\u00a0 &#8211; ANKARA\u00a0\u00a0\u00a0\u00a0\u00a0\u00a0\u00a0\u00a0\u00a0\u00a0\u00a0\u00a0\u00a0\u00a0\u00a0\u00a0\u00a0\u00a0\u00a0\u00a0\u00a0\u00a0\u00a0\u00a0\u00a0\u00a0\u00a0\u00a0\u00a0\u00a0\u00a0\u00a0\u00a0 1\u00a0\u00a0\u00a0\u00a0\u00a0\u00a0\u00a0 10\u00a0\u00a0\u00a0\u00a0\u00a0\u00a0\u00a0\u00a0\u00a0 0\u00a0\u00a0\u00a0\u00a0\u00a0\u00a0\u00a0\u00a0 10<\/li>\n<li><strong>YILMAZ ATE\u015e\u2013ANKARA\u00a0\u00a0\u00a0\u00a0\u00a0\u00a0\u00a0\u00a0\u00a0\u00a0\u00a0\u00a0\u00a0\u00a0\u00a0\u00a0\u00a0\u00a0\u00a0\u00a0\u00a0\u00a0\u00a0\u00a0\u00a0\u00a0\u00a0\u00a0\u00a0\u00a0\u00a0\u00a0\u00a0\u00a0\u00a0\u00a0\u00a0\u00a0 16\u00a0\u00a0\u00a0\u00a0\u00a0\u00a0 21\u00a0\u00a0\u00a0\u00a0\u00a0\u00a0\u00a0\u00a0\u00a0 0\u00a0\u00a0\u00a0\u00a0\u00a0\u00a0\u00a0\u00a0 16<\/strong><\/li>\n<li>NESR\u0130N BAYTOK\u00a0\u00a0\u00a0 &#8211; ANKARA\u00a0\u00a0\u00a0\u00a0\u00a0\u00a0\u00a0\u00a0\u00a0\u00a0\u00a0\u00a0\u00a0\u00a0\u00a0\u00a0\u00a0\u00a0\u00a0\u00a0\u00a0\u00a0\u00a0\u00a0\u00a0\u00a0\u00a0\u00a0\u00a0\u00a0\u00a0\u00a0\u00a0 1\u00a0\u00a0\u00a0\u00a0\u00a0\u00a0\u00a0\u00a0 20\u00a0\u00a0\u00a0\u00a0\u00a0\u00a0\u00a0\u00a0\u00a0 0\u00a0\u00a0\u00a0\u00a0\u00a0\u00a0\u00a0\u00a0 41<\/li>\n<li><strong>TEK\u0130N B\u0130NG\u00d6L \u2013 ANKARA\u00a0\u00a0\u00a0\u00a0\u00a0\u00a0\u00a0\u00a0\u00a0\u00a0\u00a0\u00a0\u00a0\u00a0\u00a0\u00a0\u00a0\u00a0\u00a0\u00a0\u00a0\u00a0\u00a0\u00a0\u00a0\u00a0\u00a0\u00a0\u00a0\u00a0\u00a0\u00a0\u00a0\u00a0\u00a0\u00a06\u00a0\u00a0\u00a0\u00a0\u00a0\u00a0\u00a0\u00a0 56\u00a0\u00a0\u00a0\u00a0\u00a0\u00a0\u00a0\u00a0\u00a0 0\u00a0\u00a0\u00a0\u00a0\u00a0\u00a0\u00a0 65<\/strong><\/li>\n<li>MEHMET EMREHAN HALICI\u2013 ANKARA\u00a0\u00a0\u00a0\u00a0\u00a0\u00a0\u00a0\u00a0\u00a0\u00a0\u00a0\u00a0 \u00a0\u00a0 0\u00a0\u00a0\u00a0\u00a0\u00a0\u00a0\u00a0\u00a0\u00a0 1\u00a0\u00a0\u00a0\u00a0\u00a0\u00a0\u00a0\u00a0\u00a0\u00a0 0\u00a0\u00a0\u00a0\u00a0\u00a0\u00a0\u00a0\u00a0\u00a0\u00a0 1<\/li>\n<li><strong>HAKKI SUHA OKAY \u2013 ANKARA\u00a0\u00a0\u00a0\u00a0\u00a0\u00a0\u00a0\u00a0\u00a0\u00a0\u00a0\u00a0\u00a0\u00a0\u00a0\u00a0\u00a0\u00a0\u00a0\u00a0\u00a0\u00a0\u00a0\u00a0\u00a0\u00a0\u00a04\u00a0\u00a0\u00a0\u00a0\u00a0\u00a0\u00a0\u00a0\u00a0 5\u00a0\u00a0\u00a0\u00a0\u00a0\u00a0\u00a0\u00a0\u00a0\u00a0 0\u00a0\u00a0\u00a0\u00a0\u00a0\u00a0\u00a0 19<\/strong><\/li>\n<li>\u00d6NDER SAV\u00a0 &#8211; ANKARA\u00a0\u00a0\u00a0\u00a0\u00a0\u00a0\u00a0\u00a0\u00a0\u00a0\u00a0\u00a0\u00a0\u00a0\u00a0\u00a0\u00a0\u00a0\u00a0\u00a0\u00a0\u00a0\u00a0\u00a0\u00a0\u00a0\u00a0\u00a0\u00a0\u00a0\u00a0\u00a0\u00a0\u00a0\u00a0\u00a0\u00a0\u00a0\u00a0\u00a0\u00a0\u00a0\u00a0\u00a0\u00a0\u00a0 0\u00a0\u00a0\u00a0\u00a0\u00a0\u00a0\u00a0\u00a0\u00a0 0\u00a0\u00a0\u00a0\u00a0\u00a0\u00a0\u00a0\u00a0\u00a0\u00a0 0\u00a0\u00a0\u00a0\u00a0\u00a0\u00a0\u00a0\u00a0\u00a0 0<br \/>\nEn \u00e7al\u0131\u015fkan vekiller Adana da k\u0131yaslay\u0131n<br \/>\n1.\u00a0\u00a0\u00a0\u00a0\u00a0 NEV\u0130N GAYE ERBATUR- ADANA\u00a0\u00a0\u00a0\u00a0\u00a0\u00a0\u00a0\u00a0\u00a0\u00a0\u00a0\u00a0\u00a0\u00a0\u00a0\u00a0\u00a0\u00a0\u00a0\u00a0\u00a07\u00a0\u00a0\u00a0\u00a0\u00a0\u00a0\u00a0\u00a0 31\u00a0\u00a0\u00a0\u00a0\u00a0\u00a0\u00a0\u00a00\u00a0\u00a0\u00a0\u00a0\u00a0\u00a0\u00a0\u00a0539<br \/>\n<strong>2.\u00a0\u00a0\u00a0\u00a0\u00a0 <\/strong><strong>HULUS\u0130 G\u00dcVEL\u00a0\u00a0\u00a0 &#8211; ADANA\u00a0\u00a0\u00a0\u00a0\u00a0\u00a0\u00a0\u00a0\u00a0\u00a0\u00a0\u00a0\u00a0\u00a0\u00a0\u00a0\u00a0\u00a0\u00a0\u00a0\u00a0\u00a0\u00a0\u00a0\u00a018\u00a0\u00a0\u00a0\u00a0\u00a0\u00a0 45\u00a0\u00a0\u00a0\u00a0\u00a0\u00a010\u00a0\u00a0\u00a0\u00a0\u00a0\u00a0\u00a0\u00a0 809<br \/>\n<\/strong>3.\u00a0\u00a0\u00a0\u00a0\u00a0 TAC\u0130DAR SEYHAN \u2013 ADANA\u00a0\u00a0\u00a0\u00a0\u00a0\u00a0\u00a0\u00a0\u00a0\u00a0\u00a0\u00a0\u00a0\u00a0\u00a0\u00a0\u00a0\u00a0\u00a0\u00a0\u00a0\u00a0\u00a0\u00a0\u00a0\u00a0\u00a0\u00a0\u00a01\u00a0\u00a0\u00a0\u00a0\u00a0\u00a0\u00a0\u00a0\u00a0 30\u00a0\u00a0\u00a0\u00a0\u00a0\u00a0\u00a00\u00a0\u00a0 \u00a0\u00a0\u00a0\u00a0\u00a0\u00a0\u00a0\u00a065<br \/>\n<span style=\"color: #ff00ff;\">A-\u0130lk \u0130mza Sahibi Oldu\u011fu Kanun Teklifleri<br \/>\n<\/span><span style=\"color: #ff00ff;\">B-\u0130mzas\u0131n\u0131n Bulundu\u011fu Teklifler<br \/>\n<\/span><span style=\"color: #ff00ff;\">C-S\u00f6zl\u00fc Soru \u00d6nergeleri\u00a0<br \/>\n<\/span><span style=\"color: #ff00ff;\">D-Yaz\u0131l\u0131 Soru \u00d6nergeleri<br \/>\n<\/span><strong>TEK\u0130N B\u0130NG\u00d6L en \u00e7al\u0131\u015fkanlar\u0131 PM inde yok<\/strong> MEHMET EMREHAN HALICI\u00a0 TBMM sine hi\u00e7 u\u011framm\u0131\u015f ama\u00a0 MYK da.Sanal olarak oturdu\u011fu yerden \u00fcyelerden aidat toplamaya \u00e7al\u0131\u015f\u0131yor .Hadi Ate\u015f ve Okay \u00a0\u00a0PM almad\u0131n\u0131z GAYE ERBATUR ve <strong>HULUS\u0130 G\u00dcVEL\u00a0\u00a0\u00a0 Adana neden yok. Di\u011fer sorular\u0131 sizler sorun.<br \/>\n<\/strong>23. D\u00f6nem CHP li millet vekillerinin \u00c7al\u0131\u015fmalar\u0131\u00a0 15.03.2011<br \/>\nchpuye.com<\/li>\n<\/ol>\n","protected":false},"excerpt":{"rendered":"<p>Ankara Millet vekillerinin\u00a0 Karnesi\u00a0\u00a0\u00a0\u00a0\u00a0\u00a0\u00a0\u00a0\u00a0\u00a0\u00a0\u00a0\u00a0\u00a0\u00a0\u00a0\u00a0\u00a0\u00a0\u00a0\u00a0\u00a0\u00a0\u00a0\u00a0\u00a0\u00a0\u00a0\u00a0\u00a0\u00a0\u00a0\u00a0\u00a0 \u00a0 A\u00a0\u00a0\u00a0\u00a0\u00a0\u00a0\u00a0 B\u00a0\u00a0\u00a0\u00a0\u00a0\u00a0\u00a0\u00a0\u00a0\u00a0 C\u00a0\u00a0\u00a0\u00a0\u00a0\u00a0\u00a0 D ZEKER\u0130YA AKINCI\u00a0 &#8211; ANKARA\u00a0\u00a0\u00a0\u00a0\u00a0\u00a0\u00a0\u00a0\u00a0\u00a0\u00a0\u00a0\u00a0\u00a0\u00a0\u00a0\u00a0\u00a0\u00a0\u00a0\u00a0\u00a0\u00a0\u00a0\u00a0\u00a0\u00a0\u00a0\u00a0\u00a0\u00a0\u00a0\u00a0 1\u00a0\u00a0\u00a0\u00a0\u00a0\u00a0\u00a0 10\u00a0\u00a0\u00a0\u00a0\u00a0\u00a0\u00a0\u00a0\u00a0 0\u00a0\u00a0\u00a0\u00a0\u00a0\u00a0\u00a0\u00a0 10 YILMAZ ATE\u015e\u2013ANKARA\u00a0\u00a0\u00a0\u00a0\u00a0\u00a0\u00a0\u00a0\u00a0\u00a0\u00a0\u00a0\u00a0\u00a0\u00a0\u00a0\u00a0\u00a0\u00a0\u00a0\u00a0\u00a0\u00a0\u00a0\u00a0\u00a0\u00a0\u00a0\u00a0\u00a0\u00a0\u00a0\u00a0\u00a0\u00a0\u00a0\u00a0\u00a0 16\u00a0\u00a0\u00a0\u00a0\u00a0\u00a0 21\u00a0\u00a0\u00a0\u00a0\u00a0\u00a0\u00a0\u00a0\u00a0 0\u00a0\u00a0\u00a0\u00a0\u00a0\u00a0\u00a0\u00a0 16 NESR\u0130N BAYTOK\u00a0\u00a0\u00a0 &#8211; ANKARA\u00a0\u00a0\u00a0\u00a0\u00a0\u00a0\u00a0\u00a0\u00a0\u00a0\u00a0\u00a0\u00a0\u00a0\u00a0\u00a0\u00a0\u00a0\u00a0\u00a0\u00a0\u00a0\u00a0\u00a0\u00a0\u00a0\u00a0\u00a0\u00a0\u00a0\u00a0\u00a0\u00a0 1\u00a0\u00a0\u00a0\u00a0\u00a0\u00a0\u00a0\u00a0 20\u00a0\u00a0\u00a0\u00a0\u00a0\u00a0\u00a0\u00a0\u00a0 0\u00a0\u00a0\u00a0\u00a0\u00a0\u00a0\u00a0\u00a0 41 TEK\u0130N B\u0130NG\u00d6L \u2013 ANKARA\u00a0\u00a0\u00a0\u00a0\u00a0\u00a0\u00a0\u00a0\u00a0\u00a0\u00a0\u00a0\u00a0\u00a0\u00a0\u00a0\u00a0\u00a0\u00a0\u00a0\u00a0\u00a0\u00a0\u00a0\u00a0\u00a0\u00a0\u00a0\u00a0\u00a0\u00a0\u00a0\u00a0\u00a0\u00a0\u00a06\u00a0\u00a0\u00a0\u00a0\u00a0\u00a0\u00a0\u00a0 56\u00a0\u00a0\u00a0\u00a0\u00a0\u00a0\u00a0\u00a0\u00a0 0\u00a0\u00a0\u00a0\u00a0\u00a0\u00a0\u00a0 65 MEHMET EMREHAN &hellip; <a href=\"https:\/\/www.chpuye.com\/?page_id=393\">Okumaya devam et <span class=\"meta-nav\">&rarr;<\/span><\/a><\/p>\n","protected":false},"author":1,"featured_media":0,"parent":250,"menu_order":0,"comment_status":"open","ping_status":"open","template":"","meta":[],"_links":{"self":[{"href":"https:\/\/www.chpuye.com\/index.php?rest_route=\/wp\/v2\/pages\/393"}],"collection":[{"href":"https:\/\/www.chpuye.com\/index.php?rest_route=\/wp\/v2\/pages"}],"about":[{"href":"https:\/\/www.chpuye.com\/index.php?rest_route=\/wp\/v2\/types\/page"}],"author":[{"embeddable":true,"href":"https:\/\/www.chpuye.com\/index.php?rest_route=\/wp\/v2\/users\/1"}],"replies":[{"embeddable":true,"href":"https:\/\/www.chpuye.com\/index.php?rest_route=%2Fwp%2Fv2%2Fcomments&post=393"}],"version-history":[{"count":0,"href":"https:\/\/www.chpuye.com\/index.php?rest_route=\/wp\/v2\/pages\/393\/revisions"}],"up":[{"embeddable":true,"href":"https:\/\/www.chpuye.com\/index.php?rest_route=\/wp\/v2\/pages\/250"}],"wp:attachment":[{"href":"https:\/\/www.chpuye.com\/index.php?rest_route=%2Fwp%2Fv2%2Fmedia&parent=393"}],"curies":[{"name":"wp","href":"https:\/\/api.w.org\/{rel}","templated":true}]}}