{"id":276,"date":"2011-03-16T14:46:13","date_gmt":"2011-03-16T14:46:13","guid":{"rendered":"http:\/\/www.chpuye.com\/?page_id=276"},"modified":"2011-03-16T14:46:13","modified_gmt":"2011-03-16T14:46:13","slug":"antalyada-partililer-onsecim-icin-sokaga-cikti","status":"publish","type":"page","link":"https:\/\/www.chpuye.com\/?page_id=276","title":{"rendered":"Antalya\u2019da partililer \u00f6nse\u00e7im i\u00e7in soka\u011fa \u00e7\u0131kt\u0131."},"content":{"rendered":"<h2><span style=\"color: #ff0000;\">Antalya\u2019da partililer \u00f6nse\u00e7im i\u00e7in soka\u011fa \u00e7\u0131kt\u0131.<\/span><\/h2>\n<p>Parti binas\u0131 \u00f6n\u00fcnde toplanan yakla\u015f\u0131k 200 CHP\u2019li, Antalya\u2019da milletvekili adaylar\u0131n\u0131n \u00f6nse\u00e7imle belirlenmesi istedi, Ankara\u2019y\u0131 taban\u0131n sesine kulak vermeye \u00e7a\u011f\u0131rd\u0131.<\/p>\n<p>Temsili \u00f6nse\u00e7im sand\u0131\u011f\u0131n\u0131 parti binas\u0131 \u00f6n\u00fcne getiren partililere aralar\u0131nda eski \u0130l Ba\u015fkan\u0131 \u00dcmit Uysal, eski Gen\u00e7lik Kollar\u0131 Ba\u015fkan\u0131 Devrim K\u00f6k, eski merkez il\u00e7e ba\u015fkanlar\u0131 Alican Deveci ve Durmu\u015f At\u0131c\u0131\u2019n\u0131n da bulundu\u011fu milletvekili aday adaylar\u0131 da destek verdi.<\/p>\n<p>Kendilerine \u2019Antalya CHP Taban Hareketi\u2019 ad\u0131n\u0131 veren grup ad\u0131na a\u00e7\u0131klama yapan eski \u0130l Disiplin Kurulu Ba\u015fkan\u0131 Mahmut Y\u0131ld\u0131r\u0131m, &#8220;\u00c7o\u011fulcu ve kat\u0131l\u0131mc\u0131 demokrasinin de\u011ferlerine inanan ve savunan partimizin bu de\u011ferlere sahip \u00e7\u0131kt\u0131\u011f\u0131 ancak ve ancak \u00fcyelerimizin ve delegelerimizin kat\u0131l\u0131m\u0131yla yap\u0131lan bir aday belirlemesiyle sonu\u00e7lanmal\u0131d\u0131r&#8221; dedi.<br \/>\nAntalya\u2019da milletvekili adaylar\u0131n\u0131n merkez yoklamas\u0131yla belirlenece\u011fi y\u00f6n\u00fcnde bir haberin kulaktan kula\u011fa dola\u015fmaya ba\u015flad\u0131\u011f\u0131n\u0131 ifade eden Y\u0131ld\u0131r\u0131m, \u00f6nse\u00e7im yap\u0131ld\u0131\u011f\u0131 takdirde \u00f6rg\u00fctlerin daha dinamik, daha canl\u0131 \u00e7al\u0131\u015faca\u011f\u0131 inanc\u0131nda oldu\u011funu s\u00f6yledi.<\/p>\n<p>Antalya il \u00f6rg\u00fct\u00fcnde 19 il\u00e7e ba\u015fkan\u0131 ve il ba\u015fkan\u0131n\u0131n de milletvekili adaylar\u0131n\u0131n \u00f6nse\u00e7imle belirlenmesi konusunda tavsiye karar\u0131n\u0131n oldu\u011funu ve bunu da CHP Genel Merkezi\u2019ne iletildi\u011fini kaydeden Taban Hareketi s\u00f6zc\u00fcs\u00fc Y\u0131ld\u0131r\u0131m, &#8220;Genel Merkezimizin sesimize kulak vermesi ve \u00f6n se\u00e7im yap\u0131lmas\u0131n\u0131 talep ediyoruz&#8221; dedi. \u2019Halk\u0131n iktidar\u0131n\u0131 halk\u0131n tercihi kuracakt\u0131r\u2019 yaz\u0131l\u0131 pankart\u0131n a\u00e7\u0131ld\u0131\u011f\u0131 eylemde, a\u00e7\u0131klama s\u0131k s\u0131k \u2019\u00d6nse\u00e7im\u2019 sloganlar\u0131yla kesilirken; partiler &#8220;\u0130\u015fte delege i\u015fte sand\u0131k&#8221; diyerek Antalya\u2019da milletvekili adaylar\u0131n\u0131n \u00f6nse\u00e7im y\u00f6nletimiyle belirlenmesini talep etti. <a href=\"http:\/\/www.habercem.com\/\">http:\/\/www.habercem.com\/<\/a><\/p>\n","protected":false},"excerpt":{"rendered":"<p>Antalya\u2019da partililer \u00f6nse\u00e7im i\u00e7in soka\u011fa \u00e7\u0131kt\u0131. Parti binas\u0131 \u00f6n\u00fcnde toplanan yakla\u015f\u0131k 200 CHP\u2019li, Antalya\u2019da milletvekili adaylar\u0131n\u0131n \u00f6nse\u00e7imle belirlenmesi istedi, Ankara\u2019y\u0131 taban\u0131n sesine kulak vermeye \u00e7a\u011f\u0131rd\u0131. Temsili \u00f6nse\u00e7im sand\u0131\u011f\u0131n\u0131 parti binas\u0131 \u00f6n\u00fcne getiren partililere aralar\u0131nda eski \u0130l Ba\u015fkan\u0131 \u00dcmit Uysal, eski &hellip; <a href=\"https:\/\/www.chpuye.com\/?page_id=276\">Okumaya devam et <span class=\"meta-nav\">&rarr;<\/span><\/a><\/p>\n","protected":false},"author":1,"featured_media":0,"parent":283,"menu_order":0,"comment_status":"closed","ping_status":"open","template":"","meta":[],"_links":{"self":[{"href":"https:\/\/www.chpuye.com\/index.php?rest_route=\/wp\/v2\/pages\/276"}],"collection":[{"href":"https:\/\/www.chpuye.com\/index.php?rest_route=\/wp\/v2\/pages"}],"about":[{"href":"https:\/\/www.chpuye.com\/index.php?rest_route=\/wp\/v2\/types\/page"}],"author":[{"embeddable":true,"href":"https:\/\/www.chpuye.com\/index.php?rest_route=\/wp\/v2\/users\/1"}],"replies":[{"embeddable":true,"href":"https:\/\/www.chpuye.com\/index.php?rest_route=%2Fwp%2Fv2%2Fcomments&post=276"}],"version-history":[{"count":0,"href":"https:\/\/www.chpuye.com\/index.php?rest_route=\/wp\/v2\/pages\/276\/revisions"}],"up":[{"embeddable":true,"href":"https:\/\/www.chpuye.com\/index.php?rest_route=\/wp\/v2\/pages\/283"}],"wp:attachment":[{"href":"https:\/\/www.chpuye.com\/index.php?rest_route=%2Fwp%2Fv2%2Fmedia&parent=276"}],"curies":[{"name":"wp","href":"https:\/\/api.w.org\/{rel}","templated":true}]}}