{"id":2124,"date":"2014-10-05T11:58:15","date_gmt":"2014-10-05T08:58:15","guid":{"rendered":"http:\/\/www.chpuye.com\/?page_id=2124"},"modified":"2014-10-05T11:58:15","modified_gmt":"2014-10-05T08:58:15","slug":"kalleslerden-ulusal-kahraman-olmaz","status":"publish","type":"page","link":"https:\/\/www.chpuye.com\/?page_id=2124","title":{"rendered":"KALLE\u015eLERDEN ULUSAL KAHRAMAN OLMAZ!"},"content":{"rendered":"<p>&nbsp;<\/p>\n<p><strong>KALLE\u015eLERDEN ULUSAL KAHRAMAN OLMAZ!<\/strong> Mustafa YILDIRIM<\/p>\n<p>K\u00fcresel f\u0131rt\u0131na i\u00e7inde unutulup giden ac\u0131ma duygusunu canland\u0131rmak i\u00e7in gen\u00e7lere \u00f6rnekler verilince \u00e7o\u011funlukla \u015fu k\u0131sa yan\u0131t\u0131 al\u0131yoruz: \u201cDuygu s\u00f6m\u00fcr\u00fcs\u00fc yapma!\u201d<\/p>\n<p>\u00dclkeyi y\u00f6netmekle g\u00f6revlendirilen ekibin ba\u015f\u0131ndaki 2 Numara da \u201ca\u00e7\u0131l\u0131m\u201d s\u00f6zc\u00fc\u011f\u00fcn\u00fcn alt\u0131n\u0131 g\u00f6stermek yerine, co\u015fkulu bir vaiz tavr\u0131yla sesini y\u00fckseltiyor: \u201cKimse analar\u0131n g\u00f6zya\u015flar\u0131 \u00fcst\u00fcnden pirim yapmaya kalkmas\u0131n!\u201d<\/p>\n<p>Ses metalik, s\u00f6z g\u00fczel; ama gerisi yok. Oysa soru \u00e7etin: Hangi analar\u0131n g\u00f6zya\u015f\u0131?<br \/>\nM\u00fchendisler &#8211; \u0130\u015f\u00e7iler<br \/>\nM\u00fchendisler, ba\u015flar\u0131na gelece\u011fi d\u00fc\u015f\u00fcnmeden krom i\u015fletmesine gidiyorlard\u0131. Otomatik silahl\u0131lar ara\u00e7lar\u0131n\u0131 durdurdular. M\u00fchendisleri Onlar\u0131 s\u0131raya dizdiler ve mermi ya\u011fd\u0131rd\u0131lar.<\/p>\n<p>Mehmet \u00c7etin, B\u00fclent Fidan, Orhan Yeler, F. Mehmet Bakar, Selim \u015eahin, Ayd\u0131n \u0130nceo\u011flu, H\u00fcseyin Ye\u011feno\u011flu, Mehmet Zeki \u00d6z\u00e7elik silahs\u0131zd\u0131lar, kimseyle bir al\u0131p veremedikleri de yoktu; ama \u00f6ld\u00fcr\u00fcld\u00fcler.<\/p>\n<p>Petrol sondaj kuyular\u0131nda \u00e7al\u0131\u015fan A. Hakan Y\u0131lmaz, Hakan Bayla ve Mustafa Yelkenci\u2019yi yan yana s\u0131ralad\u0131lar ve birer mermiyle vuruldular.<\/p>\n<p>\u00d6\u011fretmenler<br \/>\nElaz\u0131\u011f ilinde k\u00f6y okuluna gelen katiller, \u00f6\u011fretmenlerin ailelerini bir odaya kapatt\u0131lar. \u00d6\u011fretmen Selahattin Kurtulu\u015f, Hikmet Kurtulu\u015f, \u0130zzet Y\u00fcksel, Ahmet Bek\u00e2r ve Bayram Ye\u015fil\u2019i okul s\u0131ralar\u0131na oturttular; yayl\u0131m ate\u015f a\u00e7arak \u00f6ld\u00fcrd\u00fcler.<\/p>\n<p>Tunceli\u2019nin B\u00fckard\u0131 k\u00f6y\u00fcn\u00fcn okulunda \u00d6\u011fretmen Hamza \u00c7etin\u2019i, Erkan Ayd\u0131n\u2019\u0131 da kur\u015funa dizdiler. Yine Tunceli\u2019nin Pirincik k\u00f6y\u00fc okulunda \u00f6\u011fretmen Fevzi Katar, Ta\u015fk\u0131n \u015eengen, \u00dcnal Atl\u0131 ve Orhan Bak\u0131\u015f\u2019\u0131 \u00f6ld\u00fcrd\u00fcler. \u00d6\u011fretmen Cemal \u00dcnl\u00fc a\u011f\u0131r yaraland\u0131.<\/p>\n<p>Tunceli Mazgirt il\u00e7esi, Dar\u0131kent Beldesi ilkokulunda \u00f6\u011fretmen Ali \u0130hsan \u00c7etinkaya, Metin Kaynar, Buminhan Temizkan, Mustafa Kar\u0131nca, R\u00fcstem \u015een ve Vedat \u0130nan\u2019\u0131 evlerinden \u00e7\u0131kard\u0131lar ve yayl\u0131m ate\u015fle \u00f6ld\u00fcrd\u00fcler.<\/p>\n<p>\u00d6ld\u00fcrd\u00fcler; \u00e7\u00fcnk\u00fc ABD\u2019nin \u201cGerilla Sava\u015f\u0131\u201d talimat\u0131nda devlet g\u00f6revlilerinden \u201c\u00f6zenle se\u00e7ilmi\u015f hedeflerin,&nbsp; planlanarak n\u00f6tralize edilmeleri\u201d yaz\u0131l\u0131yd\u0131. \u201cN\u00f6tralize etme\u201dnin katletmek oldu\u011funu s\u00f6ylemeye gerek yok.<\/p>\n<p>Hangi a\u00e7\u0131l\u0131m?<br \/>\nKimlerdi o katiller ve onlar\u0131n analar\u0131 a\u011flad\u0131 m\u0131?<\/p>\n<p>M\u00fchendisleri, masum emek\u00e7ileri \u00f6ld\u00fcrenler, k\u00fclt\u00fcrel haklar i\u00e7in mi bast\u0131lar teti\u011fe? Savc\u0131lar onlar\u0131 mahkemeye \u00e7ektiler mi?<\/p>\n<p>Yarg\u0131\u00e7lar, otomatik silahlar\u0131, m\u00fchendislerin, \u00f6\u011fretmenlerin bedenlerine saplanan mermileri katillere veren devletleri sorgulad\u0131lar m\u0131?<\/p>\n<p>Katilleri e\u011fiten EOKA deneyimli Yunanl\u0131 subaylar hi\u00e7 sorguland\u0131lar m\u0131? Katilleri besleyen uyu\u015fturucu paras\u0131n\u0131n kayna\u011f\u0131 ara\u015ft\u0131r\u0131ld\u0131 m\u0131?<\/p>\n<p>Yok muydu katliamlarla ilgili gizli-a\u00e7\u0131k tan\u0131kl\u0131k edecek itiraf\u00e7\u0131lar?<\/p>\n<p>Zalimlilerin ortaklar\u0131<\/p>\n<p>Katilleri \u201culusal kurtulu\u015f sava\u015f\u00e7\u0131s\u0131 gerillalar\u201d diyerek kutsayanlar, A\u011fr\u0131\u2019n\u0131n Dibinde a\u011flay\u0131p gezenler, hi\u00e7 ku\u015fkusuz bu cinayetleri, \u201casimilasyona tepki\u201d diyerek zafere d\u00f6n\u00fc\u015ft\u00fcrebilirler!<\/p>\n<p>ABD\u2019nin katillere yard\u0131m etti\u011fini bile bile, Amerika ile k\u00f6kl\u00fc-tarihsel ili\u015fkilerden s\u00f6z ediyor The General.<\/p>\n<p>The Generaller, MGK toplant\u0131s\u0131nda \u201cA\u00e7\u0131l\u0131ma devam\u201d derken asli sorumlulu\u011funun g\u00fcvenli\u011fi s\u00fcrd\u00fcrmek ve katilleri yakalamak oldu\u011funu birden unutuveriyorlar.<\/p>\n<p>Bu arada K\u00fcrt yurtta\u015flar da yan\u0131l\u0131yorlar; \u00e7\u00fcnk\u00fc m\u00fchendislere, \u00f6\u011fretmenlere k\u0131yanlar, d\u00fcnyay\u0131 kana bulayan devletlerin korumas\u0131 alt\u0131nda onurlu bir devlet kuramazlar.<\/p>\n<p>Ulusal kahraman olarak yutturulan katiller, k\u0131sa s\u00fcre sonra cana k\u0131yan bask\u0131c\u0131 diktat\u00f6r olurlar. Katiller de ancak kalle\u015fli\u011fin simgesi olabilirler.<\/p>\n<p>\u00d6te yandan e\u015fk\u0131ya devletlerle i\u015fbirli\u011fi ba\u011f\u0131ms\u0131z Cumhuriyet Devletinin y\u0131k\u0131m\u0131n\u0131 da h\u0131zland\u0131rmaktad\u0131r.<\/p>\n<p>Y\u0131k\u0131ma ortakl\u0131k, \u201c\u00fcniterlik\u201d, \u201cdemokrasi\u201d ve \u201chukuk\u201d nutuklar\u0131yla ancak bir s\u00fcre \u00f6rt\u00fclebilir. \u00d6n\u00fcnde sonunda y\u0131k\u0131m\u0131n yolunu a\u00e7an g\u00f6revliler de yarg\u0131lanmaktan kurtulamazlar.<\/p>\n<p>\u201cThe General -2010\u201d kitab\u0131nda da yer alan bu sat\u0131rlara ekliyorum ki;<br \/>\n\u201cKalle\u015flerin elinden tutanlar, katiller katilini padi\u015fah kat\u0131na y\u00fckseltenler bug\u00fcn arkalar\u0131n\u0131 verdikleri emperyalistlerin iteklemesiyle s\u0131r\u0131tarak gezebilirler. Ancak kalle\u015flerin ard\u0131na tak\u0131lan az\u0131nl\u0131klar, ac\u0131 ve a\u011f\u0131r sonu\u00e7lara katlan\u0131p ger\u00e7ek g\u00e2vur asimilasyonuna u\u011frayacaklar!<\/p>\n<p>\u00d6yle olaca\u011f\u0131n\u0131 anlamak i\u00e7in \u201c\u0130stiklal-i Tam\u201d harbi sonras\u0131nda emperyalist u\u015fa\u011f\u0131 katiller s\u00fcr\u00fcs\u00fcn\u00fcn sonuna bakmak yeterlidir!<\/p>\n<p>Ad\u0131ndaki \u201ccumhuriyet\u201dle idare edenler de kalle\u015flerin dolayl\u0131 ortakl\u0131\u011f\u0131nda bo\u011fulurken bin y\u0131ld\u0131r bu topraklar\u0131 yurtla\u015ft\u0131ran T\u00fcrkler, kaderlerini T\u00fcrklerle birle\u015ftiren Bosna-Balkan-Kafkas g\u00f6\u00e7meni yurtta\u015flar\u0131m\u0131zla birlikte yine erdemli bir devlet kuracaklar!<\/p>\n<p>Hi\u00e7 ama hi\u00e7 ku\u015fku yok!<br \/>\nMustafa YILDIRIM<\/p>\n<p>Not:<br \/>\n-1984-2008 katliamlar\u0131n\u0131n t\u00fcm\u00fc i\u00e7in: \u00dcmit \u00d6zda\u011f, Pusu ve Katliamlar\u0131n Kronolojisi, Kripto Kitaplar, Ankara, 2009.<br \/>\n&#8211; PKK padi\u015fah\u0131 \u00d6calan\u2019\u0131n emriyle katledilen PKK\u2019liler i\u00e7in:<br \/>\nAliza Marcus, Kan ve \u0130nan\u00e7 \u2013 PKK ve K\u00fcrt Hareketi, \u0130leti\u015fim, 2009<br \/>\n-Bir sonraki yaz\u0131: K\u00fcrt Hizbullahileri de&nbsp; PKK ile ayn\u0131 masada<\/p>\n<p><strong>TSK\u2019N\u0130N ASIL ZAAFI ve GAZ\u0130\u2019N\u0130N \u201cMERTL\u0130K VE \u00d6ZVER\u0130\u201d \u0130LKES\u0130<\/strong>&nbsp;&nbsp;Mustafa YILDIRIM<br \/>\nTSK y\u00f6neticisi General kestirip att\u0131; \u201cKomuta kademesinde zaaf yok!\u201d dedi.<br \/>\nDo\u011fru s\u00f6yl\u00fcyor General!<br \/>\n\u201cZaaf\u201d olmas\u0131n diye, her komuta kademesinden bir-iki de\u011fil, y\u00fczlerce subay, yukar\u0131dan a\u015fa\u011f\u0131ya \u201ccasus\u201d diye su\u00e7lanarak tutuklanm\u0131\u015f!<br \/>\nAnlatmaya \u00e7abalad\u0131klar\u0131 odur ki, y\u0131llarca casuslar\u0131n(!) egemen oldu\u011fu bahriyeye g\u00fcvenerek huzur bulmu\u015fuz!<br \/>\n\u015eimdi \u201czaaf\u201d ortadan kald\u0131r\u0131lm\u0131\u015f!<br \/>\nHer r\u00fctbeden sava\u015f pilotlar\u0131, hem de y\u00fczlercesi, ordudan ayr\u0131ld\u0131 diye endi\u015felenenleri neredeyse \u201chain\u201d ilan edecekler!<br \/>\n\u201cAyr\u0131lmalar hukukidir\u201d diyorlar. \u201cHukuki\u201d dedikleri ayr\u0131lmalar, tutuklanan y\u00fczlerce komutan\u0131 da kaps\u0131yor herhalde!<br \/>\nY\u00f6netici generallerle deniza\u015f\u0131r\u0131 e\u015fk\u0131ya m\u00fcttefikleri \u201czaaf\u201dtan b\u00f6ylece kurtuluyorlar.<\/p>\n<p>Kom\u015fu devletleri par\u00e7alamak i\u00e7in \u00e7ocuklar\u0131n, kad\u0131nlar\u0131n kan\u0131n\u0131 d\u00f6kenlere yatakl\u0131k etmektir onlara g\u00f6re zaaftan kurtulman\u0131n yolu!<br \/>\nMahkeme kap\u0131lar\u0131nda gazetecilere, ya\u015fl\u0131lara \u201cG\u00f6z\u00fcn\u00fcze gaz s\u0131kar\u0131m ha!\u201d diyen subaylara kumanda etmektir onlar\u0131n zaaflar\u0131ndan kurtulmalar\u0131.<\/p>\n<p>Askeri savunma i\u015fbirli\u011fi diye yutturulan siyasal \u00f6rg\u00fct NATO\u2019nun d\u00fcnyan\u0131n yeniden ele ge\u00e7irilmesindeki zorbal\u0131k i\u015flevini sezenleri yok ederek \u201czaaf\u201dtan kurtulacaklar\u0131n\u0131 san\u0131yorlar!<\/p>\n<p>T\u00dcRK ORDUSUNUN ASIL ZAAFI<\/p>\n<p>Tastamam 65 y\u0131ld\u0131r, yay\u0131lmac\u0131 e\u015fk\u0131ya devletin modern silahlar\u0131na g\u00fcvenerek ya\u015fayan generaller, Ba\u015fkumandan Mustafa Kemal Atat\u00fcrk\u2019\u00fcn subay tarifini unutmu\u015flar!<br \/>\nBa\u011f\u0131ms\u0131zl\u0131\u011f\u0131n ve \u00f6zg\u00fcrl\u00fc\u011f\u00fcn Ba\u015fkumandan\u0131 arkada\u015f\u0131na diyor ki:<\/p>\n<p>\u201cSen, \u2018Mertlik ve \u00f6zveriyle desteklenmeyecek teknik bilgi birikiminin ba\u015fl\u0131 ba\u015f\u0131na amaca ula\u015fmay\u0131 sa\u011flayamayaca\u011f\u0131n\u0131\u2019 ileri s\u00fcr\u00fcyorsun.<br \/>\nB\u00f6yle d\u00fc\u015f\u00fcnmekte ne kadar hakl\u0131s\u0131n!\u201d<br \/>\nHatta ben senin sav\u0131n\u0131 tersine \u00e7evirerek, ileri s\u00fcrerim ki:<br \/>\nAs\u0131l ilke mertlik ve \u00f6zveridir!\u201d<br \/>\nBa\u015fkumandan\u0131n bu sat\u0131rlar\u0131 yazmas\u0131n\u0131n<br \/>\n(1914) \u00fcst\u00fcnden 99 y\u0131l ge\u00e7ti.<br \/>\nT\u00fcrk ordusu, 68 y\u0131ld\u0131r \u201cmertlik ve \u00f6zveri\u201d ilkesinden uzakla\u015ft\u0131k\u00e7a zaafa u\u011frad\u0131.<br \/>\nYeniden karanl\u0131\u011fa g\u00f6m\u00fclen d\u00fcnyam\u0131zda as\u0131l ilkenin \u201cmertlik ve \u00f6zveri\u201d oldu\u011funu unutmayanlar, ku\u015fkusuz \u00f6ne \u00e7\u0131kacakt\u0131r.<\/p>\n<p>\u00d6nc\u00fclerin yanmas\u0131 ka\u00e7\u0131n\u0131lmazd\u0131r; ama onlar\u0131n izinden y\u00fcr\u00fcyenler, insanl\u0131\u011fa yara\u015f\u0131r ilkelerini koruyacaklar ve T\u00fcrk ordusunu yeniden kuracaklard\u0131r!<br \/>\n12 Mart 2013<\/p>\n<p><strong>M\u00dcLAZ\u0130M\u2019DEN TE\u011eMEN\u2019E: KAHRAMANLAR ACI \u00c7EKER!<\/strong>&nbsp;Mustafa YILDIRIM<\/p>\n<p>K\u00e2be\u2019yi koruyordun arkada\u015flar\u0131nla. Mekkeli H\u00fcseyin bin Ha\u015fimi\u2019nin adamlar\u0131, gazya\u011f\u0131 p\u00fcsk\u00fcrt\u00fcp yakt\u0131lar kararg\u00e2h\u0131n\u0131z\u0131.<br \/>\nO g\u00fcn K\u00e2be \u00e7evresinde k\u0131rba\u00e7layarak \u00f6ld\u00fcrd\u00fcler arkada\u015flar\u0131n\u0131.<br \/>\nNablus\u2019u savunurken 21 ya\u015f\u0131ndayd\u0131n. 40 askerinle i\u015fgalcinin koca t\u00fcmenini durdurdun ve \u015fehit d\u00fc\u015ft\u00fcn\u00fcz. Nabluslular i\u015fgalciye hi\u00e7, ama hi\u00e7 direnmediler.<br \/>\nTulkerim\u2019e son sald\u0131r\u0131s\u0131yd\u0131 i\u015fgal koalisyonunun. Ordu komutan\u0131n\u0131z \u00e7ekip gitti. Kalakald\u0131n arkada\u015flar\u0131nla; ama y\u0131lmad\u0131n 32 s\u00fcvarilerinle y\u00fcr\u00fcd\u00fcn geceleri; Halep sokaklar\u0131nda \u0130ngiliz-Ha\u015fimi koalisyonuna kar\u015f\u0131 sava\u015ft\u0131n ve \u015fehit d\u00fc\u015ft\u00fcn!<br \/>\nDer\u2019a istasyonuna dek getirmi\u015ftin Amman\u2019dan hastane trenini. Yaral\u0131 askerlere, kad\u0131nlara, \u00e7ocuklara k\u0131yd\u0131 i\u015fgalcinin yanda\u015f\u0131, Faysal bin Ha\u015fimi\u2019nin ma\u015falar\u0131. Senin g\u0131rtla\u011f\u0131na cembiye \u00fc\u015f\u00fcrd\u00fc \u015feyhin adamlar\u0131.<\/p>\n<p>Emir geldi payitahttan, silahlar\u0131n\u0131z\u0131 toplad\u0131lar; ordunuzu da\u011f\u0131tt\u0131lar. \u201cYa istiklal Ya \u00d6l\u00fcm!\u201d diyen sesi duydunuz. A\u00e7, susuzdunuz; bir k\u00f6ye yakla\u015ft\u0131n\u0131z Bursa ovas\u0131nda.&nbsp; \u201cYunanla ba\u015f\u0131m\u0131z\u0131 derde sokacaks\u0131n\u0131z\u201d diyen k\u00f6yl\u00fcler sopalarla sald\u0131rd\u0131lar.<br \/>\nManisa\u2019da direnelim diye konu\u015furken ta\u015flad\u0131lar sizi, padi\u015fah yanl\u0131lar\u0131!<br \/>\nDurdurmak i\u00e7in i\u015fgalciyi g\u00f6n\u00fcll\u00fc gen\u00e7leri toplad\u0131n.&nbsp; \u201c\u0130slama ve padi\u015fah\u0131m\u0131za kar\u015f\u0131 m\u0131 \u00e7\u0131k\u0131yorsunuz?\u201d diyen Buldan\u2019\u0131n mollalar\u0131 da\u011f\u0131tt\u0131lar g\u00f6n\u00fcll\u00fcleri.<br \/>\nAyn\u0131 mollalar papazlarla kol kola verip kar\u015f\u0131lad\u0131lar Yunanl\u0131 kumandan\u0131 ve teslim ettiler kasabalar\u0131n\u0131.<br \/>\nSen ald\u0131rmad\u0131n Te\u011fmen; \u201cYa \u0130stiklal Ya \u00d6l\u00fcm\u201d \u00e7a\u011fr\u0131s\u0131na uyup kurtard\u0131n teslim olanlar\u0131 bile!<br \/>\n*<br \/>\nKumandanlar\u0131n selama durdular Amerikan z\u0131rhl\u0131lar\u0131 1947\u2019de Bo\u011fazi\u00e7i\u2019ne girerken, senin i\u00e7in yand\u0131!<br \/>\n\u00d6\u011frenci karde\u015flerine \u00e7evirttiler namlunu. \u201cYa \u0130stiklal Ya \u00d6l\u00fcm\u201d diyerek ters ast\u0131n t\u00fcfe\u011fini. \u0130\u015fkenceye \u00e7ektiler seni, yabanc\u0131 devlete \u201cbiat\u201d etmedin diye!<br \/>\nZincirle d\u00f6vd\u00fcrd\u00fcler Do\u011fulu onba\u015f\u0131ya Metris hapishanesinde. \u0130\u00e7ine g\u00f6m\u00fcp onur yaran\u0131, \u201cYa \u0130stiklal Ya \u00d6l\u00fcm\u201d diye diye dayand\u0131n.<br \/>\nM\u00fcttefik diye ezberlettikleri emperyalisti g\u00f6rd\u00fcn s\u0131n\u0131r boylar\u0131nda sana mermi ya\u011fd\u0131ranlara g\u00f6kten yard\u0131m paketi atarken.<br \/>\nM\u00fcttefikin kalle\u015fli\u011fini anlatmaya \u00e7al\u0131\u015ft\u0131n pa\u015falara, i\u015faret koydular siciline!<br \/>\n*<br \/>\nAc\u0131 ac\u0131 an\u0131ms\u0131yorsun \u015fimdi; Harb Okulunu bitirdi\u011fin g\u00fcn\u00fc:<br \/>\nYoklamada numaran okununca arkada\u015flar\u0131n gibi sen de ba\u011f\u0131rm\u0131\u015ft\u0131n, \u201cBurada!\u201d diye.<br \/>\n\u201c1283\u201d dendi\u011finde hep birden hayk\u0131rm\u0131\u015ft\u0131n\u0131z;&nbsp; \u201c\u0130\u00e7imizde!\u201d diye.<br \/>\n\u201c1283\u201d\u00fcn \u201cYa \u0130stiklal Ya \u00d6l\u00fcm!\u201d diyen sesi, seni b\u0131rakmad\u0131 her nereye gitsen!<br \/>\nPa\u015falar g\u00fcvendi, sen g\u00fcvenmedin emperyalist m\u00fcttefikin g\u00fcc\u00fcne!<br \/>\nG\u00fcn oldu; i\u00e7indeki \u201c1283\u201d\u00fc d\u0131\u015fa vurdun! \u0130\u015fte ne olduysa o y\u00fczden oldu ve bir kere daha zindandas\u0131n.<br \/>\n*<br \/>\n1918\u2019de Mekke\u2019de s\u0131rt\u0131na inen k\u0131rba\u00e7\u2026<br \/>\nDer\u2019a istasyonunda bo\u011faz\u0131n\u0131 kana boyayan Arap cembiyesi\u2026<br \/>\nKurtarmak istediklerinin s\u0131rt\u0131n\u0131 karartan sopalar\u0131\u2026<br \/>\nEllerin kelep\u00e7eliyken bald\u0131rlar\u0131n\u0131 yaran onba\u015f\u0131n\u0131n zinciri\u2026<br \/>\n\u201cAmerika ile ili\u015fkilerimiz ortak de\u011ferlere dayan\u0131r\u201d&nbsp; diyen pa\u015fan\u0131n g\u00fcl\u00fcmsemesi\u2026<br \/>\nHay\u0131r, bunlar de\u011fil i\u00e7ini kavuran!<br \/>\nBo\u011faz\u0131na d\u00fc\u011f\u00fcmlenen o ses yak\u0131yor g\u00f6\u011fs\u00fcn\u00fcn sol yan\u0131n\u0131!<br \/>\nHer t\u00fcrl\u00fc ihanete kar\u015f\u0131n seni ayakta tutan,&nbsp; ta\u015f duvarlar\u0131 delip so\u011fuk odalara ula\u015fan o ses hala \u201cYa \u0130stiklal Ya \u00d6l\u00fcm\u201d diyor ve f\u0131s\u0131ld\u0131yor sana:<br \/>\n\u201cNihayetinde vatana olan namus borcumuzu \u00f6dedik!\u201d<br \/>\n\u00d6yleyse sen de dayanmal\u0131s\u0131n, \u00e7\u00fcnk\u00fc insanl\u0131k tarihinin her sayfas\u0131nda yaz\u0131l\u0131d\u0131r:<br \/>\n\u201cKahramanlar ac\u0131 \u00e7eker!\u201d<br \/>\n7 Aral\u0131k 2012<\/p>\n<p><strong>52 YIL \u00d6NCE \u201819 MAYIS BAYRAMI\u2019 YASAKLANMI\u015eTI<\/strong>&nbsp;&nbsp;Mustafa YILDIRIM<\/p>\n<p>1960 bahar\u0131nda art\u0131k ortaokul birinci s\u0131n\u0131f \u00f6\u011frencisi olarak kat\u0131lacakt\u0131k g\u00f6sterilere.<br \/>\nBayrama iki g\u00fcn kalm\u0131\u015ft\u0131.&nbsp; Haber tez yay\u0131ld\u0131: H\u00fck\u00fcmet bayram\u0131 yasaklam\u0131\u015ft\u0131.<br \/>\nO g\u00fcne dek yaln\u0131zca sans\u00fcrden kurtulabilmi\u015f gazete haberlerinden \u00f6\u011freniyorduk olaylar\u0131. \u0130stanbul ve Ankara\u2019da \u00fcniversiteliler alanlara y\u00fcr\u00fcm\u00fc\u015flerdi. Hatta polis \u00f6\u011frencilere sald\u0131rm\u0131\u015f; bir \u00f6\u011frenci de \u00f6ld\u00fcr\u00fclm\u00fc\u015ft\u00fc.<br \/>\n\u00c7ok iyi anlayam\u0131yorduk olaylar\u0131, ama liseli a\u011fabeylerin \u0130stanbul ve Ankara\u2019da s\u00f6ylenen mar\u015f\u0131 m\u0131r\u0131ldand\u0131klar\u0131n\u0131 duyuyorduk:<br \/>\n\u201cOlur mu, b\u00f6yle olur mu?<br \/>\nKarde\u015f karde\u015fi vurur mu?<br \/>\nKahrolas\u0131 diktat\u00f6rler!<br \/>\nBu d\u00fcnya size kal\u0131r m\u0131?\u201d<br \/>\n19 May\u0131s Bayram\u0131 yasaklan\u0131nca biz k\u00fc\u00e7\u00fckler de mar\u015f\u0131 s\u00f6ylemeye ba\u015flam\u0131\u015ft\u0131k; hem de y\u00fcksek sesle!<br \/>\nAradan sekiz g\u00fcn ge\u00e7ti.&nbsp; Bayram yasaklayanlar devrildi. Soka\u011fa \u00e7\u0131kma yasa\u011f\u0131 konulmu\u015ftu. Ancak dinleyen kim; \u00e7ocuklar d\u0131\u015far\u0131dayd\u0131; nerede asker g\u00f6rseler ard\u0131na tak\u0131l\u0131p radyodan \u00f6\u011frendikleri mar\u015f\u0131 s\u00f6yl\u00fcyorlard\u0131.<br \/>\n<strong>21 Haziran 1960\u2019da \u201c19 May\u0131s Bayram\u0131\u201d&nbsp;&nbsp;<\/strong><br \/>\nK\u00f6ydeydim. Babamdan bir telgraf geldi: \u201cAcele gel\u201d diyordu, \u201c19 May\u0131s\u2019\u0131 kutlanacak.\u201d<br \/>\nT\u00fcrkiye Cumhuriyeti tarihinde o zamana dek ilk kez Haziran\u2019da kutlanm\u0131\u015ft\u0131 19 May\u0131s ve biz k\u00fc\u00e7\u00fckler de i\u015fte o g\u00fcn 19 May\u0131s\u2019\u0131n de\u011ferini y\u00fcre\u011fimizde duymu\u015f; birdenbire b\u00fcy\u00fcm\u00fc\u015f; \u00e7ocukluktan gen\u00e7li\u011fe ad\u0131m at\u0131vermi\u015ftik.<br \/>\n\u00c7ok de\u011fil 5-6 y\u0131l sonra, Ankara\u2019da Zafer an\u0131t\u0131ndan K\u0131z\u0131lay\u2019a y\u00fcr\u00fcyorduk. \u00d6nde \u201cay y\u0131ld\u0131zl\u0131 esir bayra\u011f\u0131m\u0131z!\u201d&nbsp; Yanlarda alk\u0131\u015f tutan halk; kar\u015f\u0131m\u0131zda polis barikat\u0131\u2026&nbsp; Ve barikat\u0131 iki yana ay\u0131ran g\u00fcne uygun mar\u015f:<br \/>\n\u201cTanklar\u0131yla toplar\u0131yla gelseler dahi<br \/>\nBa\u011f\u0131ms\u0131z olacak T\u00fcrk\u00fcn \u00fclkesi<br \/>\nY\u0131ld\u0131r\u0131m bora s\u00fck\u00fbn bulacak<br \/>\nBize Amerika,<br \/>\nBize Amerika<br \/>\nSelam duracak\u201d<br \/>\n<strong>Amerika\u2019y\u0131 ve yerli orta\u011f\u0131n \u00e7ocuklar\u0131n\u0131 korku sard\u0131; en \u00f6nemli, \u00f6n cephe orta\u011f\u0131n\u0131 yitirecekti neredeyse! 1947\u2019de Amerikan ba\u011flant\u0131s\u0131n\u0131 alk\u0131\u015flayan Nihat Erim, kendi deyi\u015fiyle \u201cbalyoz indirdi!\u201d<\/strong>&nbsp;(Bkz. Orta\u011f\u0131n \u00c7ocuklar\u0131 3. Bas\u0131m)<br \/>\nHalktan uzakta, devlet \u201cricalinin\u201d tekd\u00fcze t\u00f6renleriyle \u201c\u0130stiklal\u201d ruhundan s\u0131y\u0131rt\u0131ld\u0131 onur ve gurur y\u0131ld\u00f6n\u00fcmleri.<br \/>\nYetmedi;&nbsp; belediyelerin \u015fark\u0131c\u0131-pop g\u00f6steri yar\u0131\u015flar\u0131na d\u00f6n\u00fc\u015ft\u00fcr\u00fcld\u00fc.<br \/>\nSonunda, 30 A\u011fustos 1999\u2019da t\u00f6renler iptal edildi. 29 Ekim, co\u015fku d\u00fczeyi d\u00fc\u015f\u00fcr\u00fcld\u00fc. Nedeni Yunanistan\u2019da depremdi. Oysa o Yunanistan, ayn\u0131 y\u0131l&nbsp; \u201c9 Eyl\u00fcl\u201d \u00fc \u201cK\u00fc\u00e7\u00fck Asya\u2019n\u0131n T\u00fcrkler taraf\u0131ndan i\u015fgalinin yas g\u00fcn\u00fc\u201d olarak resmen anmaktan geri kalmad\u0131.<br \/>\n19 May\u0131s yasak! 52 y\u0131l \u00f6ncesindeki gibi! \u015eimdi de 29 Ekim yasak! Bakal\u0131m ge\u00e7mi\u015fin hangi mar\u015f\u0131 g\u00fcne uyarlanacak ve dillere d\u00fc\u015fecek?<br \/>\nBa\u011f\u0131ms\u0131zl\u0131\u011f\u0131n\u0131 ve cumhuriyetini sava\u015farak kazanm\u0131\u015f T\u00fcrkleri, Do\u011fu-Bat\u0131 emperyalizminin\u201cArap Baharc\u0131lar\u0131\u201d ya da \u201cturuncu\u201d soytar\u0131larla kar\u0131\u015ft\u0131rmak \u00e7ok, ama \u00e7ok yan\u0131lt\u0131r!<br \/>\nZorunlu A\u00e7\u0131klama: \u201cDersim\u201d eyalet hesap\u00e7\u0131s\u0131 K\u0131l\u0131\u00e7daro\u011flu, \u201c(Ben TESEV\u2019e kurucu oldu\u011fumda) Soros yoktu!\u201d dedi yine! Hakl\u0131d\u0131r, o zaman Quantum Bankerlerinin temsilcisi Soros yoktu; ama Reagan- Bush\u2019lar\u0131n \u00f6rg\u00fct\u00fc IRI, Nixon-Clinton-Obama\u2019lar\u0131n \u00f6rg\u00fct\u00fc NDI; Amerikan kartellerinin \u00f6rg\u00fct\u00fc CIPE, CIA emektarlar\u0131n\u0131n \u00f6rg\u00fctleri CIPE &#8211; CFR ve arkalar\u0131nda ABD kasas\u0131 NED (Ba\u015fkan\u0131 Yunan as\u0131ll\u0131 ambargocuydu) vard\u0131! \u015eimdi de onlar var! Soros devenin en gerisidir. (Bu konu i\u00e7in internette bkz: \u201cTESEV neyin nesi?\u201d ya da \u201cSivil 6. Filo: TESEV\u201d ve \u201dSivil \u00d6r\u00fcmcek A\u011f\u0131\u2019n\u0131n D\u00fc\u011f\u00fcmc\u00fcs\u00fc: TESEV\u201d ; ABD \u00f6rg\u00fct-para ba\u011flant\u0131lar\u0131 ve sivil TESEV g\u00f6revleri, CIA\u2019c\u0131lar listesi i\u00e7in bkz: Orta\u011f\u0131n \u00c7ocuklar\u0131 3. Bas\u0131m ve Sivil \u00d6r\u00fcmce\u011fin A\u011f\u0131nda 24 &#8211; 25 Bas\u0131m\u201d) 19 Kas\u0131m 2012<\/p>\n<p>&nbsp;<\/p>\n","protected":false},"excerpt":{"rendered":"<p>&nbsp; KALLE\u015eLERDEN ULUSAL KAHRAMAN OLMAZ! Mustafa YILDIRIM K\u00fcresel f\u0131rt\u0131na i\u00e7inde unutulup giden ac\u0131ma duygusunu canland\u0131rmak i\u00e7in gen\u00e7lere \u00f6rnekler verilince \u00e7o\u011funlukla \u015fu k\u0131sa yan\u0131t\u0131 al\u0131yoruz: \u201cDuygu s\u00f6m\u00fcr\u00fcs\u00fc yapma!\u201d \u00dclkeyi y\u00f6netmekle g\u00f6revlendirilen ekibin ba\u015f\u0131ndaki 2 Numara da \u201ca\u00e7\u0131l\u0131m\u201d s\u00f6zc\u00fc\u011f\u00fcn\u00fcn alt\u0131n\u0131 g\u00f6stermek yerine, &hellip; <a href=\"https:\/\/www.chpuye.com\/?page_id=2124\">Okumaya devam et <span class=\"meta-nav\">&rarr;<\/span><\/a><\/p>\n","protected":false},"author":1,"featured_media":0,"parent":2099,"menu_order":0,"comment_status":"closed","ping_status":"open","template":"","meta":[],"_links":{"self":[{"href":"https:\/\/www.chpuye.com\/index.php?rest_route=\/wp\/v2\/pages\/2124"}],"collection":[{"href":"https:\/\/www.chpuye.com\/index.php?rest_route=\/wp\/v2\/pages"}],"about":[{"href":"https:\/\/www.chpuye.com\/index.php?rest_route=\/wp\/v2\/types\/page"}],"author":[{"embeddable":true,"href":"https:\/\/www.chpuye.com\/index.php?rest_route=\/wp\/v2\/users\/1"}],"replies":[{"embeddable":true,"href":"https:\/\/www.chpuye.com\/index.php?rest_route=%2Fwp%2Fv2%2Fcomments&post=2124"}],"version-history":[{"count":0,"href":"https:\/\/www.chpuye.com\/index.php?rest_route=\/wp\/v2\/pages\/2124\/revisions"}],"up":[{"embeddable":true,"href":"https:\/\/www.chpuye.com\/index.php?rest_route=\/wp\/v2\/pages\/2099"}],"wp:attachment":[{"href":"https:\/\/www.chpuye.com\/index.php?rest_route=%2Fwp%2Fv2%2Fmedia&parent=2124"}],"curies":[{"name":"wp","href":"https:\/\/api.w.org\/{rel}","templated":true}]}}